{"id":10995,"date":"2026-01-07T12:45:55","date_gmt":"2026-01-07T10:45:55","guid":{"rendered":"https:\/\/www.avire-global.com\/es\/?post_type=product&#038;p=10995"},"modified":"2026-02-12T10:37:31","modified_gmt":"2026-02-12T08:37:31","slug":"solucion-digital","status":"publish","type":"product","link":"https:\/\/www.avire-global.com\/es\/producto\/telefonos-de-emergencia-para-ascensores\/solucion-digital\/","title":{"rendered":"Soluci\u00f3n digital 4G DCP MK845 + MK 891"},"content":{"rendered":"<div class=\"wp-block-doo-block-systemeu-hero\">\n\t<div class=\"systemeu-hero\">\r\n\t<div class=\"wp-block-columns\">\r\n\t\t<div class=\"wp-block-column\">\r\n\t\t\t<div class=\"image\">\r\n\t\t\t\t<img decoding=\"async\" width=\"800\" height=\"450\" src=\"https:\/\/www.avire-global.com\/es\/wp-content\/uploads\/sites\/22\/2026\/01\/Solucion-digital-1.png\" class=\"attachment-large size-large wp-post-image\" alt=\"\" srcset=\"https:\/\/www.avire-global.com\/es\/wp-content\/uploads\/sites\/22\/2026\/01\/Solucion-digital-1.png 800w, https:\/\/www.avire-global.com\/es\/wp-content\/uploads\/sites\/22\/2026\/01\/Solucion-digital-1-300x169.png 300w, https:\/\/www.avire-global.com\/es\/wp-content\/uploads\/sites\/22\/2026\/01\/Solucion-digital-1-768x432.png 768w\" sizes=\"(max-width: 800px) 100vw, 800px\" title=\"\">\t\t\t<\/div>\r\n\t\t<\/div>\r\n\t\t<div class=\"wp-block-column\">\r\n\t\t\t\t\t\t\t<div class=\"label\">Tel\u00e9fonos digitales de emergencia<\/div>\r\n\t\t\t\t\t\t\t<h1 class=\"title\">Soluci\u00f3n digital 4G DCP MK845 + MK 891<\/h1>\r\n\t\t\t\t\t\t\t\t\t\t<div class=\"standards\">\r\n\t\t\t\t\t<div class=\"text\">Cumple con<\/div>\r\n\t\t\t\t\t<div class=\"content\">\r\n\t\t\t\t\t\t\t\t\t\t\t\t\t<div class=\"item\">\r\n\t\t\t\t\t\t\t\t<div>\r\n\t\t\t\t\t\t\t\t\t<div class=\"image-standard\">\r\n\t\t\t\t\t\t\t\t\t\t\t\t\t\t\t\t\t\t\t<\/div>\r\n\t\t\t\t\t\t\t\t\t<span>\r\n\t\t\t\t\t\t\t\t\t\tEN 81-28\t\t\t\t\t\t\t\t\t<\/span>\r\n\t\t\t\t\t\t\t\t<\/div>\r\n\t\t\t\t\t\t\t\t<div class=\"doo-link\">\r\n\t\t\t\t\t\t\t\t\t<a href=\"https:\/\/www.avire-global.com\/es\/standard\/en-81-28\/\">Leer extracto<\/a>\r\n\t\t\t\t\t\t\t\t<\/div>\r\n\t\t\t\t\t\t\t<\/div>\r\n\t\t\t\t\t\t\t\t\t\t\t\t<\/div>\r\n\t\t\t\t<\/div>\r\n\t\t\t\t\t\t\t<div class=\"wp-block-buttons\">\r\n\t\t\t\t\t\t\t\t\t\t<div class=\"wp-block-button link-popup\"><a class =\"wp-block-button__link\" href=\"#\">Contacto<\/a><\/div>\r\n\t\t\t\t\t\t\t\t\t\t\t\t\t<div class=\"wp-block-button secondary\"><a class =\"wp-block-button__link\" href=\"https:\/\/www.avire-global.com\/es\/catalogos\/\">Cat\u00e1logos<\/a><\/div>\r\n\t\t\t\t\t\t\t\t\t\t<\/div>\r\n\t\t<\/div>\r\n\t<\/div>\r\n<\/div>\r\n<\/div>\n\n\n<div class=\"custom-slider-container product wide-overview\">\n\n\t\t\t<div class=\"overview-wide\">\n\t\t\t<div class=\"label\">\n\t\t\t\tDescripci\u00f3n general\t\t\t<\/div>\n\t\t\t<div class=\"content\">Dise\u00f1ada para entornos donde todav\u00eda se utilizan l\u00edneas PSTN y sistemas anal\u00f3gicos, esta soluci\u00f3n combina la unidad PSTN MK-852 con el gateway universal 4G MK-930, garantizando continuidad del servicio, compatibilidad y una gesti\u00f3n remota eficiente.<\/div>\n\t\t<\/div>\n\t\t\t<div class=\"custom-slider\">\n\t\t\t\t\t<div class=\"swiper-container main-slider\">\n\t\t\t\t<div class=\"swiper-wrapper\">\n\t\t\t\t\t\t\t\t\t\t\t<div class=\"swiper-slide image contain-w\">\n\t\t\t\t\t\t\t\t\t\t\t\t\t\t\t<img decoding=\"async\" src=\"https:\/\/www.avire-global.com\/es\/wp-content\/uploads\/sites\/22\/2026\/01\/Picture1.png\" alt=\"\" class=\"slider-image\" title=\"\">\n\t\t\t\t\t\t\t\t\t\t\t\t\t\t<\/div>\n\t\t\t\t\t\t\t\t\t\t<\/div>\n\t\t\t<\/div>\n\t\n\t\t\t<div class=\"bottom\">\n\t\t\t\t\t\t\t<\/div>\n\t\t\t\t<\/div>\n\t<div class=\"slider-content has-checkmarks\">\n\t\t<div class=\"slider-text\">\n\t\t\t\n\n<ul class=\"wp-block-list\">\n<li>Plataforma digital completa 4G VoLTE<\/li>\n\n\n\n<li>Preparada para el fin del 2G y la digitalizaci\u00f3n<\/li>\n\n\n\n<li>Gesti\u00f3n y configuraci\u00f3n remota con AVIRE Hub<\/li>\n\n\n\n<li>Comunicaci\u00f3n de emergencia clara y fiable<\/li>\n\n\n\n<li>Reducci\u00f3n de costes operativos y tiempos de intervenci\u00f3n<\/li>\n\n\n\n<li>Respaldo de la experiencia de <strong>AVIRE<\/strong><\/li>\n<\/ul>\n\n\t\t<\/div>\n\t<\/div>\n\n<\/div>\n\n\n<p class=\"has-text-align-center\">La plataforma 4G DCP MK845 + MK 891 + AVIRE Hub de Microkey by AVIRE ofrece una soluci\u00f3n completa de comunicaci\u00f3n de emergencia para ascensores, preparada para los cambios de red actuales y futuros, incluido el fin del 2G y la transici\u00f3n de anal\u00f3gico a digital. Gracias a la conectividad 4G VoLTE, esta plataforma garantiza una comunicaci\u00f3n clara, fiable y continua entre la cabina del ascensor y el centro de atenci\u00f3n de alarmas, incluso en entornos exigentes.<\/p>\n\n\n\n<div class=\"wp-block-group has-global-padding is-content-justification-left is-layout-constrained wp-container-core-group-is-layout-12dd3699 wp-block-group-is-layout-constrained\">\n<div class=\"wp-block-columns is-layout-flex wp-container-core-columns-is-layout-44dbfb99 wp-block-columns-is-layout-flex\">\n<div class=\"wp-block-column is-layout-flow wp-container-core-column-is-layout-7dd55475 wp-block-column-is-layout-flow\" style=\"border-radius:10px;padding-top:var(--wp--preset--spacing--fluid-0-16);padding-right:var(--wp--preset--spacing--fluid-0-16);padding-bottom:var(--wp--preset--spacing--fluid-0-16);padding-left:var(--wp--preset--spacing--fluid-0-16)\">\n<h2 class=\"wp-block-heading has-text-align-center has-text-color has-link-color wp-elements-f47ca448a646d97419cf7471fd8668db\" style=\"color:#d05a2a;margin-top:var(--wp--preset--spacing--fluid-0-24);margin-bottom:var(--wp--preset--spacing--fluid-0-24)\">Cumplimiento normativo y preparaci\u00f3n para el futuro<\/h2>\n\n\n\n<p class=\"has-text-align-center\">Microkey by AVIRE desarrolla sus soluciones conforme a los <strong>requisitos normativos de comunicaci\u00f3n de emergencia en ascensores<\/strong>, ayudando a las empresas a cumplir con la <strong>ITC<\/strong> y a anticiparse a los cambios de red.<\/p>\n\n\n\n<div style=\"height:35px\" aria-hidden=\"true\" class=\"wp-block-spacer\"><\/div>\n\n\n\n<div class=\"wp-block-columns has-neutral-bg-05-background-color has-background is-layout-flex wp-container-core-columns-is-layout-8665ad02 wp-block-columns-is-layout-flex\" id=\"productos\" style=\"padding-top:var(--wp--preset--spacing--fluid-0-16);padding-right:var(--wp--preset--spacing--fluid-0-16);padding-bottom:var(--wp--preset--spacing--fluid-0-16);padding-left:var(--wp--preset--spacing--fluid-0-16)\">\n<div class=\"wp-block-column is-vertically-aligned-center is-layout-flow wp-block-column-is-layout-flow\" style=\"padding-top:var(--wp--preset--spacing--fluid-0-16);padding-bottom:var(--wp--preset--spacing--fluid-0-16);flex-basis:50%\">\n<figure class=\"wp-block-image aligncenter size-medium is-resized\"><img decoding=\"async\" width=\"250\" height=\"300\" src=\"https:\/\/www.avire-global.com\/es\/wp-content\/uploads\/sites\/22\/2025\/09\/img_cove01-250x300.png\" alt=\"\" class=\"wp-image-10484\" style=\"width:252px;height:auto\" title=\"\" srcset=\"https:\/\/www.avire-global.com\/es\/wp-content\/uploads\/sites\/22\/2025\/09\/img_cove01-250x300.png 250w, https:\/\/www.avire-global.com\/es\/wp-content\/uploads\/sites\/22\/2025\/09\/img_cove01.png 500w\" sizes=\"(max-width: 250px) 100vw, 250px\" \/><\/figure>\n<\/div>\n\n\n\n<div class=\"wp-block-column is-layout-flow wp-block-column-is-layout-flow\" style=\"padding-top:var(--wp--preset--spacing--fluid-0-16);padding-right:var(--wp--preset--spacing--fluid-0-16);padding-bottom:var(--wp--preset--spacing--fluid-0-16);padding-left:var(--wp--preset--spacing--fluid-0-16);flex-basis:50%\">\n<div class=\"wp-block-group has-global-padding is-layout-constrained wp-block-group-is-layout-constrained\">\n<h3 class=\"wp-block-heading\">DCP MK845 &#8211; Plataforma de comunicaci\u00f3n digital 4G<\/h3>\n\n\n\n<p>El DCP MK845 es el n\u00facleo del sistema. Una plataforma digital avanzada que permite la comunicaci\u00f3n de emergencia y la transmisi\u00f3n de datos mediante 4G VoLTE, asegurando compatibilidad con las redes actuales y futuras.<\/p>\n\n\n\n<p>Caracter\u00edsticas principales:<\/p>\n\n\n\n<ul class=\"wp-block-list\">\n<li>Conectividad 4G VoLTE preparada para el fin del 2G<\/li>\n\n\n\n<li>Transmisi\u00f3n segura de voz y datos<\/li>\n\n\n\n<li>Compatible con m\u00faltiples dispositivos y sistemas<\/li>\n\n\n\n<li>Soluci\u00f3n preparada para futuras evoluciones de red<\/li>\n<\/ul>\n\n\n\n<div class=\"wp-block-buttons is-content-justification-left is-layout-flex wp-container-core-buttons-is-layout-452a2f19 wp-block-buttons-is-layout-flex\" style=\"padding-top:var(--wp--preset--spacing--fluid-0-24);padding-bottom:var(--wp--preset--spacing--fluid-0-24)\">\n<div class=\"wp-block-button\"><a class=\"wp-block-button__link has-primary-70-color has-neutral-0-background-color has-text-color has-background has-link-color has-border-color wp-element-button\" href=\"https:\/\/www.avire-global.com\/es\/producto\/telefonos-de-emergencia-para-ascensores\/4g-volte-dcp-mk845-plataforma-de-comunicacion-digital-para-ascensores\/\" style=\"border-color:#ff6900;border-radius:10px\">Ver producto<\/a><\/div>\n<\/div>\n<\/div>\n<\/div>\n<\/div>\n\n\n\n<div class=\"wp-block-columns has-neutral-bg-05-background-color has-background is-layout-flex wp-container-core-columns-is-layout-28f84493 wp-block-columns-is-layout-flex\">\n<div class=\"wp-block-column is-vertically-aligned-center is-layout-flow wp-block-column-is-layout-flow\" style=\"flex-basis:50%\">\n<figure class=\"wp-block-image aligncenter size-medium is-resized\"><img decoding=\"async\" width=\"200\" height=\"300\" src=\"https:\/\/www.avire-global.com\/es\/wp-content\/uploads\/sites\/22\/2026\/01\/Ecosystem_COP-DAU_AC-DAB10-111-F-0L-000_2023.1-e1691148280663-683x1024-1-200x300.png\" alt=\"\" class=\"wp-image-11000\" style=\"width:200px;height:auto\" title=\"\" srcset=\"https:\/\/www.avire-global.com\/es\/wp-content\/uploads\/sites\/22\/2026\/01\/Ecosystem_COP-DAU_AC-DAB10-111-F-0L-000_2023.1-e1691148280663-683x1024-1-200x300.png 200w, https:\/\/www.avire-global.com\/es\/wp-content\/uploads\/sites\/22\/2026\/01\/Ecosystem_COP-DAU_AC-DAB10-111-F-0L-000_2023.1-e1691148280663-683x1024-1.png 683w\" sizes=\"(max-width: 200px) 100vw, 200px\" \/><\/figure>\n<\/div>\n\n\n\n<div class=\"wp-block-column is-layout-flow wp-block-column-is-layout-flow\" style=\"flex-basis:50%\">\n<div class=\"wp-block-group has-global-padding is-layout-constrained wp-block-group-is-layout-constrained\">\n<h3 class=\"wp-block-heading\">MK 891 &#8211; Unidad de audio para cabina<\/h3>\n\n\n\n<p>El <strong>MK 891<\/strong> es la unidad de audio instalada en la cabina del ascensor, dise\u00f1ada para ofrecer una <strong>comunicaci\u00f3n de voz clara y bidireccional<\/strong> en situaciones de emergencia.<\/p>\n\n\n\n<p><strong>Caracter\u00edsticas principales:<\/strong><\/p>\n\n\n\n<ul class=\"wp-block-list\">\n<li>Audio de alta calidad para comunicaci\u00f3n de emergencia<\/li>\n\n\n\n<li>Integraci\u00f3n directa con el DCP MK845<\/li>\n\n\n\n<li>Dise\u00f1o compacto y robusto<\/li>\n\n\n\n<li>Instalaci\u00f3n sencilla en cabina<\/li>\n<\/ul>\n\n\n\n<div class=\"wp-block-buttons is-content-justification-left is-layout-flex wp-container-core-buttons-is-layout-452a2f19 wp-block-buttons-is-layout-flex\" style=\"padding-top:var(--wp--preset--spacing--fluid-0-24);padding-bottom:var(--wp--preset--spacing--fluid-0-24)\">\n<div class=\"wp-block-button\"><a class=\"wp-block-button__link has-primary-70-color has-neutral-0-background-color has-text-color has-background has-link-color has-border-color wp-element-button\" href=\"https:\/\/www.avire-global.com\/es\/producto\/telefonos-de-emergencia-para-ascensores\/accesorios-mk775-mk791-modulo-de-audio-digital-3\/\" style=\"border-color:#ff6900;border-radius:10px\">Ver producto<\/a><\/div>\n<\/div>\n<\/div>\n<\/div>\n<\/div>\n\n\n\n<div class=\"wp-block-columns has-neutral-bg-05-background-color has-background is-layout-flex wp-container-core-columns-is-layout-28f84493 wp-block-columns-is-layout-flex\">\n<div class=\"wp-block-column is-vertically-aligned-center is-layout-flow wp-block-column-is-layout-flow\" style=\"flex-basis:50%\">\n<figure class=\"wp-block-image aligncenter size-medium is-resized\"><img decoding=\"async\" width=\"300\" height=\"225\" src=\"https:\/\/www.avire-global.com\/es\/wp-content\/uploads\/sites\/22\/2023\/07\/avire_hub_anca_20.07-1-300x225.png\" alt=\"\" class=\"wp-image-2903\" style=\"aspect-ratio:1.7777777777777777;object-fit:cover;width:172px;height:auto\" title=\"\" srcset=\"https:\/\/www.avire-global.com\/es\/wp-content\/uploads\/sites\/22\/2023\/07\/avire_hub_anca_20.07-1-300x225.png 300w, https:\/\/www.avire-global.com\/es\/wp-content\/uploads\/sites\/22\/2023\/07\/avire_hub_anca_20.07-1.png 600w\" sizes=\"(max-width: 300px) 100vw, 300px\" \/><\/figure>\n<\/div>\n\n\n\n<div class=\"wp-block-column is-layout-flow wp-block-column-is-layout-flow\" style=\"flex-basis:50%\">\n<div class=\"wp-block-group has-global-padding is-layout-constrained wp-block-group-is-layout-constrained\">\n<h3 class=\"wp-block-heading\">AVIRE Hub &#8211; Gesti\u00f3n y configuraci\u00f3n remota<\/h3>\n\n\n\n<p>El <strong>AVIRE Hub<\/strong> permite la <strong>configuraci\u00f3n, supervisi\u00f3n y gesti\u00f3n remota<\/strong> del sistema, reduciendo desplazamientos, tiempos de instalaci\u00f3n y costes operativos.<\/p>\n\n\n\n<p><strong>Caracter\u00edsticas principales:<\/strong><\/p>\n\n\n\n<ul class=\"wp-block-list\">\n<li>Configuraci\u00f3n remota del sistema<\/li>\n\n\n\n<li>Supervisi\u00f3n del estado y la conectividad<\/li>\n\n\n\n<li>Gesti\u00f3n centralizada de m\u00faltiples instalaciones<\/li>\n\n\n\n<li>Mayor eficiencia operativa para empresas de mantenimiento<\/li>\n<\/ul>\n\n\n\n<div class=\"wp-block-buttons is-content-justification-left is-layout-flex wp-container-core-buttons-is-layout-452a2f19 wp-block-buttons-is-layout-flex\" style=\"padding-top:var(--wp--preset--spacing--fluid-0-24);padding-bottom:var(--wp--preset--spacing--fluid-0-24)\">\n<div class=\"wp-block-button\"><a class=\"wp-block-button__link has-primary-70-color has-neutral-0-background-color has-text-color has-background has-link-color has-border-color wp-element-button\" href=\"https:\/\/www.avire-global.com\/es\/producto\/software\/avire-hub-soluciones-de-software\/\" style=\"border-color:#ff6900;border-radius:10px\">Ver producto<\/a><\/div>\n<\/div>\n<\/div>\n<\/div>\n<\/div>\n<\/div>\n<\/div>\n\n\n\n<div class=\"wp-block-group has-global-padding is-layout-constrained wp-block-group-is-layout-constrained\" style=\"padding-top:var(--wp--preset--spacing--fluid-0-56);padding-bottom:var(--wp--preset--spacing--fluid-0-56)\">\n<h2 class=\"wp-block-heading has-text-align-center has-text-color has-link-color wp-elements-9ea268b364d9e110836a4ae980297626\" style=\"color:#d05a2a;margin-top:var(--wp--preset--spacing--fluid-0-24);margin-bottom:var(--wp--preset--spacing--fluid-0-24)\">Una plataforma ideal para modernizaci\u00f3n digital<\/h2>\n\n\n\n<div class=\"wp-block-group is-content-justification-center is-nowrap is-layout-flex wp-container-core-group-is-layout-b93cabc5 wp-block-group-is-layout-flex\">\n<p>La soluci\u00f3n <strong>4G DCP MK845 + MK 891 + AVIRE Hub<\/strong> es ideal para:<\/p>\n\n\n\n<ul class=\"wp-block-list\">\n<li>Sustituir sistemas <strong>anal\u00f3gicos y 2G<\/strong><\/li>\n\n\n\n<li>Proyectos de <strong>modernizaci\u00f3n digital de ascensores<\/strong><\/li>\n\n\n\n<li>Edificios que requieren una soluci\u00f3n <strong>preparada para el futuro<\/strong><\/li>\n\n\n\n<li>Empresas de mantenimiento que buscan eficiencia y control remoto<\/li>\n<\/ul>\n<\/div>\n<\/div>\n\n\n\n<div class=\"wp-block-group has-global-padding is-layout-constrained wp-container-core-group-is-layout-a1b67c5d wp-block-group-is-layout-constrained\" style=\"padding-top:var(--wp--preset--spacing--fluid-0-24);padding-right:var(--wp--preset--spacing--fluid-0-24);padding-bottom:var(--wp--preset--spacing--fluid-0-24);padding-left:var(--wp--preset--spacing--fluid-0-24)\">\n<h2 class=\"wp-block-heading\" id=\"FAQs\" style=\"padding-top:var(--wp--preset--spacing--fluid-0-24);padding-bottom:var(--wp--preset--spacing--fluid-0-24)\">FAQs<\/h2>\n\n\n<div class=\"wp-block-doo-block-block-faqs\">\n\t \n<div class=\"faqs-wrap\">\n            <div class=\"faqs-content-title\">\n                        <div class=\"content\">\n                <div class=\"item faq not-linked\">\n    <div class=\"title\">\n        <div class=\"text\">\n            \u00bfEs un sistema digital o anal\u00f3gico?        <\/div>\n        <img decoding=\"async\" src=\"https:\/\/www.avire-global.com\/es\/wp-content\/themes\/doo-avire\/assets\/images\/chevron-down.svg\" alt=\"flecha\" title=\"\">\n    <\/div>\n    <div class=\"description\">\n        <!-- wp:paragraph -->\n<p>La comunicaci\u00f3n es <strong>digital<\/strong>, aunque el sistema est\u00e1 optimizado para simplicidad y rapidez de instalaci\u00f3n.<\/p>\n<!-- \/wp:paragraph -->    <\/div>\n<\/div>\n<div class=\"item faq not-linked\">\n    <div class=\"title\">\n        <div class=\"text\">\n            \u00bfC\u00f3mo elijo la soluci\u00f3n adecuada para mi ascensor?        <\/div>\n        <img decoding=\"async\" src=\"https:\/\/www.avire-global.com\/es\/wp-content\/themes\/doo-avire\/assets\/images\/chevron-down.svg\" alt=\"flecha\" title=\"\">\n    <\/div>\n    <div class=\"description\">\n        <!-- wp:paragraph -->\n<p>Depende de:<\/p>\n<!-- \/wp:paragraph -->\n\n<!-- wp:list -->\n<ul class=\"wp-block-list\"><!-- wp:list-item -->\n<li>Cableado disponible<\/li>\n<!-- \/wp:list-item -->\n\n<!-- wp:list-item -->\n<li>Tipo de edificio<\/li>\n<!-- \/wp:list-item -->\n\n<!-- wp:list-item -->\n<li>N\u00famero de ascensores<\/li>\n<!-- \/wp:list-item -->\n\n<!-- wp:list-item -->\n<li>Requisitos de monitorizaci\u00f3n<\/li>\n<!-- \/wp:list-item -->\n\n<!-- wp:list-item -->\n<li>Nivel de tr\u00e1fico y riesgo<\/li>\n<!-- \/wp:list-item --><\/ul>\n<!-- \/wp:list -->\n\n<!-- wp:paragraph -->\n<p><\/p>\n<!-- \/wp:paragraph -->    <\/div>\n<\/div>\n<div class=\"item faq not-linked\">\n    <div class=\"title\">\n        <div class=\"text\">\n            \u00bfLa soluci\u00f3n m\u00e1s econ\u00f3mica es siempre la mejor?        <\/div>\n        <img decoding=\"async\" src=\"https:\/\/www.avire-global.com\/es\/wp-content\/themes\/doo-avire\/assets\/images\/chevron-down.svg\" alt=\"flecha\" title=\"\">\n    <\/div>\n    <div class=\"description\">\n        <!-- wp:paragraph -->\n<p>No. Una soluci\u00f3n econ\u00f3mica puede cumplir hoy, pero generar <strong>riesgos o costes mayores<\/strong> en el futuro.<\/p>\n<!-- \/wp:paragraph -->    <\/div>\n<\/div>\n<div class=\"item faq not-linked\">\n    <div class=\"title\">\n        <div class=\"text\">\n            \u00bfLas soluciones MICROKEY by AVIRE son escalables?        <\/div>\n        <img decoding=\"async\" src=\"https:\/\/www.avire-global.com\/es\/wp-content\/themes\/doo-avire\/assets\/images\/chevron-down.svg\" alt=\"flecha\" title=\"\">\n    <\/div>\n    <div class=\"description\">\n        <!-- wp:paragraph -->\n<p>S\u00ed. Especialmente las soluciones digitales, que permiten crecer y adaptarse a futuras necesidades normativas y tecnol\u00f3gicas.<\/p>\n<!-- \/wp:paragraph -->    <\/div>\n<\/div>\n<div class=\"item faq not-linked\">\n    <div class=\"title\">\n        <div class=\"text\">\n            \u00bfMICROKEY ofrece apoyo para elegir la soluci\u00f3n?        <\/div>\n        <img decoding=\"async\" src=\"https:\/\/www.avire-global.com\/es\/wp-content\/themes\/doo-avire\/assets\/images\/chevron-down.svg\" alt=\"flecha\" title=\"\">\n    <\/div>\n    <div class=\"description\">\n        <!-- wp:paragraph -->\n<p>S\u00ed. MICROKEY acompa\u00f1a a clientes y partners en la selecci\u00f3n de la soluci\u00f3n m\u00e1s adecuada seg\u00fan el contexto t\u00e9cnico y normativo.<\/p>\n<!-- \/wp:paragraph -->    <\/div>\n<\/div>\n<div class=\"item faq not-linked\">\n    <div class=\"title\">\n        <div class=\"text\">\n            \u00bfQu\u00e9 soluciones de comunicaci\u00f3n de emergencia ofrece MICROKEY by AVIRE?        <\/div>\n        <img decoding=\"async\" src=\"https:\/\/www.avire-global.com\/es\/wp-content\/themes\/doo-avire\/assets\/images\/chevron-down.svg\" alt=\"flecha\" title=\"\">\n    <\/div>\n    <div class=\"description\">\n        <!-- wp:paragraph -->\n<p>MICROKEY by AVIRE ofrece tres tipos de soluciones:<\/p>\n<!-- \/wp:paragraph -->\n\n<!-- wp:list -->\n<ul class=\"wp-block-list\"><!-- wp:list-item -->\n<li><a href=\"https:\/\/www.avire-global.com\/es\/producto\/telefonos-analogicos-de-emergencia\/solucion-analogica\/\"><strong>Soluci\u00f3n anal\u00f3gica<\/strong> <\/a>(MK-930 + MK-852)<\/li>\n<!-- \/wp:list-item -->\n\n<!-- wp:list-item -->\n<li><strong><a href=\"https:\/\/www.avire-global.com\/es\/producto\/telefonos-de-emergencia-para-ascensores\/solucion-digital\/\">Soluci\u00f3n digital<\/a><\/strong> (MK-845 + MK-891)<\/li>\n<!-- \/wp:list-item -->\n\n<!-- wp:list-item -->\n<li><strong><a href=\"https:\/\/www.avire-global.com\/es\/producto\/telefonos-analogicos-de-emergencia\/dcp-mk-922-4g-volte\/\">Soluci\u00f3n compacta de 2 hilos<\/a><\/strong> (MK-922 + MK822)<\/li>\n<!-- \/wp:list-item --><\/ul>\n<!-- \/wp:list -->\n\n<!-- wp:paragraph -->\n<p><\/p>\n<!-- \/wp:paragraph -->    <\/div>\n<\/div>\n<div class=\"item faq not-linked\">\n    <div class=\"title\">\n        <div class=\"text\">\n            \u00bfCu\u00e1l es la diferencia entre telefon\u00eda anal\u00f3gica y digital?        <\/div>\n        <img decoding=\"async\" src=\"https:\/\/www.avire-global.com\/es\/wp-content\/themes\/doo-avire\/assets\/images\/chevron-down.svg\" alt=\"flecha\" title=\"\">\n    <\/div>\n    <div class=\"description\">\n        <!-- wp:paragraph -->\n<p>La telefon\u00eda anal\u00f3gica utiliza comunicaci\u00f3n por tonos (DTMF) y est\u00e1 pensada para entornos legacy.<br>La telefon\u00eda digital ofrece mayor calidad de audio, configuraci\u00f3n remota, monitorizaci\u00f3n y trazabilidad para cumplimiento normativo.<\/p>\n<!-- \/wp:paragraph -->    <\/div>\n<\/div>\n<div class=\"item faq not-linked\">\n    <div class=\"title\">\n        <div class=\"text\">\n            \u00bfCu\u00e1ndo se recomienda una soluci\u00f3n anal\u00f3gica?        <\/div>\n        <img decoding=\"async\" src=\"https:\/\/www.avire-global.com\/es\/wp-content\/themes\/doo-avire\/assets\/images\/chevron-down.svg\" alt=\"flecha\" title=\"\">\n    <\/div>\n    <div class=\"description\">\n        <!-- wp:paragraph -->\n<p>Se recomienda en instalaciones antiguas o proyectos de transici\u00f3n donde a\u00fan no se ha dado el paso a una soluci\u00f3n totalmente digital.<\/p>\n<!-- \/wp:paragraph -->    <\/div>\n<\/div>\n<div class=\"item faq not-linked\">\n    <div class=\"title\">\n        <div class=\"text\">\n            \u00bfCu\u00e1ndo es mejor optar por una soluci\u00f3n digital?        <\/div>\n        <img decoding=\"async\" src=\"https:\/\/www.avire-global.com\/es\/wp-content\/themes\/doo-avire\/assets\/images\/chevron-down.svg\" alt=\"flecha\" title=\"\">\n    <\/div>\n    <div class=\"description\">\n        <!-- wp:paragraph -->\n<p>Cuando se gestiona un parque de ascensores, se requiere monitorizaci\u00f3n, pruebas autom\u00e1ticas de llamada o se busca una soluci\u00f3n preparada para el futuro.<\/p>\n<!-- \/wp:paragraph -->    <\/div>\n<\/div>\n<div class=\"item faq not-linked\">\n    <div class=\"title\">\n        <div class=\"text\">\n            \u00bfQu\u00e9 es la soluci\u00f3n compacta MK-922?        <\/div>\n        <img decoding=\"async\" src=\"https:\/\/www.avire-global.com\/es\/wp-content\/themes\/doo-avire\/assets\/images\/chevron-down.svg\" alt=\"flecha\" title=\"\">\n    <\/div>\n    <div class=\"description\">\n        <!-- wp:paragraph -->\n<p>Es un dispositivo todo en uno que integra <strong>m\u00f3dulo GSM y m\u00f3dulo de audio<\/strong>, dise\u00f1ado para instalaciones con <strong>solo dos hilos disponibles<\/strong>, evitando cambiar el cable de maniobra.<\/p>\n<!-- \/wp:paragraph -->    <\/div>\n<\/div>\n            <\/div>\n        <\/div>\n        <\/div>\n<\/div>\n<\/div>\n\n\n\n<div class=\"wp-block-group has-global-padding is-layout-constrained wp-block-group-is-layout-constrained\" style=\"margin-top:var(--wp--preset--spacing--fluid-0-56);margin-bottom:var(--wp--preset--spacing--fluid-0-56)\">\n<div class=\"wp-block-group alignfull block-featured has-global-padding is-layout-constrained wp-block-group-is-layout-constrained\">\n<div class=\"wp-block-cover\"><span aria-hidden=\"true\" class=\"wp-block-cover__background has-background-dim-100 has-background-dim\" style=\"background-color:#d05a2a\"><\/span><div class=\"wp-block-cover__inner-container has-global-padding is-layout-constrained wp-block-cover-is-layout-constrained\">\n<h2 class=\"wp-block-heading has-text-align-left has-neutral-0-color has-text-color has-link-color has-large-font-size wp-elements-ad9058de019cc1c1790c5b9900e5a660\">\u00bfPreparado para dar el salto a la comunicaci\u00f3n digital?<\/h2>\n\n\n\n<p class=\"has-neutral-0-color has-text-color has-link-color wp-elements-c049a97fd155ae3e81ce08e5d18fa1a4\">Contacta con nuestro equipo y descubre c\u00f3mo la plataforma&nbsp;<strong>4G DCP MK845 + MK 891 + AVIRE Hub<\/strong>&nbsp;puede ayudarte a mantener tus ascensores&nbsp;<strong>conectados, seguros y preparados para el futuro<\/strong>.<\/p>\n\n\n\n<div class=\"wp-block-buttons is-content-justification-left is-layout-flex wp-container-core-buttons-is-layout-4f1a43f1 wp-block-buttons-is-layout-flex\" style=\"padding-top:var(--wp--preset--spacing--fluid-0-24);padding-bottom:var(--wp--preset--spacing--fluid-0-24)\">\n<div class=\"wp-block-button is-style-fill\"><a class=\"wp-block-button__link has-primary-70-color has-neutral-0-background-color has-text-color has-background has-link-color wp-element-button\" href=\"#contact\" style=\"padding-top:var(--wp--preset--spacing--fluid-0-24);padding-bottom:var(--wp--preset--spacing--fluid-0-24)\">Hable con nuestro equipo de ventas<\/a><\/div>\n<\/div>\n\n\n\n<figure class=\"wp-block-image size-full\"><img decoding=\"async\" width=\"1200\" height=\"1200\" src=\"https:\/\/www.avire-global.com\/es\/wp-content\/uploads\/sites\/22\/2025\/12\/leadership-headshot-Peter-Beattie.png\" alt=\"\" class=\"wp-image-10928\" style=\"aspect-ratio:1;object-fit:cover\" title=\"\" srcset=\"https:\/\/www.avire-global.com\/es\/wp-content\/uploads\/sites\/22\/2025\/12\/leadership-headshot-Peter-Beattie.png 1200w, https:\/\/www.avire-global.com\/es\/wp-content\/uploads\/sites\/22\/2025\/12\/leadership-headshot-Peter-Beattie-300x300.png 300w, https:\/\/www.avire-global.com\/es\/wp-content\/uploads\/sites\/22\/2025\/12\/leadership-headshot-Peter-Beattie-1024x1024.png 1024w, https:\/\/www.avire-global.com\/es\/wp-content\/uploads\/sites\/22\/2025\/12\/leadership-headshot-Peter-Beattie-150x150.png 150w, https:\/\/www.avire-global.com\/es\/wp-content\/uploads\/sites\/22\/2025\/12\/leadership-headshot-Peter-Beattie-768x768.png 768w\" sizes=\"(max-width: 1200px) 100vw, 1200px\" \/><\/figure>\n<\/div><\/div>\n<\/div>\n<\/div>\n<\/div>\n\n\n","protected":false},"featured_media":11012,"template":"product-with-patterns-system","meta":{"_eb_attr":"","inline_featured_image":false,"doo-cf-type":"system","footnotes":""},"market":[29,31],"product_cat":[26],"brand":[],"country":[],"class_list":["post-10995","product","type-product","status-publish","has-post-thumbnail","hentry","market-modernizacion-de-ascensores","market-control-de-ascensores","product_cat-telefonos-de-emergencia-para-ascensores"],"_links":{"self":[{"href":"https:\/\/www.avire-global.com\/es\/wp-json\/wp\/v2\/product\/10995","targetHints":{"allow":["GET"]}}],"collection":[{"href":"https:\/\/www.avire-global.com\/es\/wp-json\/wp\/v2\/product"}],"about":[{"href":"https:\/\/www.avire-global.com\/es\/wp-json\/wp\/v2\/types\/product"}],"version-history":[{"count":6,"href":"https:\/\/www.avire-global.com\/es\/wp-json\/wp\/v2\/product\/10995\/revisions"}],"predecessor-version":[{"id":11555,"href":"https:\/\/www.avire-global.com\/es\/wp-json\/wp\/v2\/product\/10995\/revisions\/11555"}],"wp:featuredmedia":[{"embeddable":true,"href":"https:\/\/www.avire-global.com\/es\/wp-json\/wp\/v2\/media\/11012"}],"wp:attachment":[{"href":"https:\/\/www.avire-global.com\/es\/wp-json\/wp\/v2\/media?parent=10995"}],"wp:term":[{"taxonomy":"market","embeddable":true,"href":"https:\/\/www.avire-global.com\/es\/wp-json\/wp\/v2\/market?post=10995"},{"taxonomy":"product_cat","embeddable":true,"href":"https:\/\/www.avire-global.com\/es\/wp-json\/wp\/v2\/product_cat?post=10995"},{"taxonomy":"brand","embeddable":true,"href":"https:\/\/www.avire-global.com\/es\/wp-json\/wp\/v2\/brand?post=10995"},{"taxonomy":"country","embeddable":true,"href":"https:\/\/www.avire-global.com\/es\/wp-json\/wp\/v2\/country?post=10995"}],"curies":[{"name":"wp","href":"https:\/\/api.w.org\/{rel}","templated":true}]}}